{"id":2,"date":"2016-02-09T14:59:49","date_gmt":"2016-02-09T14:59:49","guid":{"rendered":"http:\/\/thevisualsoundmethod.com\/?page_id=2"},"modified":"2016-02-12T12:05:57","modified_gmt":"2016-02-12T12:05:57","slug":"about","status":"publish","type":"page","link":"https:\/\/thevisualsoundmethod.com\/es\/about\/","title":{"rendered":"Sobre m\u00ed"},"content":{"rendered":"<p>Desde que tengo recuerdos, siempre he estado metido en la m\u00fasica. A los siete a\u00f1os empec\u00e9 a asistir a un taller creativo bastante loco dirigido por\u00a0<a href=\"https:\/\/es.wikipedia.org\/wiki\/Ren{1b0584cf4106fbf0f8272cfcb48d3fe244f59bfa59974a0d34029e63f0289709}C3{1b0584cf4106fbf0f8272cfcb48d3fe244f59bfa59974a0d34029e63f0289709}A9e_Pietrafesa_Bonnet\" target=\"_blank\">Renee Pietrafessa<\/a>\u00a0en Montevideo,\u00a0donde el proyecto final fue\u00a0\u00abdibujar m\u00fasica\u00bb, y pasarle la partitura a otro para que la\u00a0tocara seg\u00fan la interpretaba&#8230;<strong>\u00a0en vivo en un teatro lleno de gente!<\/strong><\/p>\n<p>Estudi\u00e9 flauta dulce\u00a0(Conservatorio Nemus), Guitarra y Teor\u00eda\u00a0(Escola de Musics, Barcelona), y luego empec\u00e9 con el Saxo, ya que me encanta el\u00a0Jazz. \u00a0Me gusta crear y dise\u00f1ar, y estoy en constante aprendizaje, autodidacta en general,\u00a0en diferentes \u00e1reas.<\/p>\n<p>La Web es un incre\u00edble universo para los que nos gusta aprender, llena de recursos \u00fatiles para m\u00fasicos tambi\u00e9n, y con\u00a0The Visual Sound Method, quiero aportar un poquito a este Universo.<\/p>\n<p>Si\u00e9ntanse libres de agregar comentarios en nuestros posts habl\u00e1ndonos de sus propios proyectos y webs.<\/p>\n<figure id=\"attachment_80\" aria-describedby=\"caption-attachment-80\" style=\"width: 960px\" class=\"wp-caption alignleft\"><a href=\"http:\/\/thevisualsoundmethod.com\/wp-content\/uploads\/2016\/02\/1394445_10151690014411035_1380920173_n.jpg\" rel=\"attachment wp-att-80\"><img loading=\"lazy\" decoding=\"async\" class=\"size-full wp-image-80\" src=\"http:\/\/thevisualsoundmethod.com\/wp-content\/uploads\/2016\/02\/1394445_10151690014411035_1380920173_n.jpg\" alt=\"Seba Crispo Saxophone\" width=\"960\" height=\"720\" srcset=\"https:\/\/thevisualsoundmethod.com\/wp-content\/uploads\/2016\/02\/1394445_10151690014411035_1380920173_n.jpg 960w, https:\/\/thevisualsoundmethod.com\/wp-content\/uploads\/2016\/02\/1394445_10151690014411035_1380920173_n-300x225.jpg 300w, https:\/\/thevisualsoundmethod.com\/wp-content\/uploads\/2016\/02\/1394445_10151690014411035_1380920173_n-768x576.jpg 768w\" sizes=\"auto, (max-width: 960px) 100vw, 960px\" \/><\/a><figcaption id=\"caption-attachment-80\" class=\"wp-caption-text\">Con\u00a0Ezequiel Di Vecchia<\/figcaption><\/figure>\n<figure id=\"attachment_82\" aria-describedby=\"caption-attachment-82\" style=\"width: 960px\" class=\"wp-caption alignleft\"><a href=\"http:\/\/thevisualsoundmethod.com\/wp-content\/uploads\/2016\/02\/11043017_10153221057637668_5693089036006489790_n.jpg\" rel=\"attachment wp-att-82\"><img loading=\"lazy\" decoding=\"async\" class=\"size-full wp-image-82\" src=\"http:\/\/thevisualsoundmethod.com\/wp-content\/uploads\/2016\/02\/11043017_10153221057637668_5693089036006489790_n.jpg\" alt=\"Seba Crispo Live with Samantha de Siena\" width=\"960\" height=\"619\" srcset=\"https:\/\/thevisualsoundmethod.com\/wp-content\/uploads\/2016\/02\/11043017_10153221057637668_5693089036006489790_n.jpg 960w, https:\/\/thevisualsoundmethod.com\/wp-content\/uploads\/2016\/02\/11043017_10153221057637668_5693089036006489790_n-300x193.jpg 300w, https:\/\/thevisualsoundmethod.com\/wp-content\/uploads\/2016\/02\/11043017_10153221057637668_5693089036006489790_n-768x495.jpg 768w\" sizes=\"auto, (max-width: 960px) 100vw, 960px\" \/><\/a><figcaption id=\"caption-attachment-82\" class=\"wp-caption-text\">En vivo con\u00a0Samantha de Siena en\u00a0Barcelona<\/figcaption><\/figure>\n<figure id=\"attachment_88\" aria-describedby=\"caption-attachment-88\" style=\"width: 451px\" class=\"wp-caption alignleft\"><a href=\"http:\/\/thevisualsoundmethod.com\/wp-content\/uploads\/2016\/02\/421728_10150497345911035_6481087_n.jpg\" rel=\"attachment wp-att-88\"><img loading=\"lazy\" decoding=\"async\" class=\"size-full wp-image-88\" src=\"http:\/\/thevisualsoundmethod.com\/wp-content\/uploads\/2016\/02\/421728_10150497345911035_6481087_n.jpg\" alt=\"I would spend hours listening to all kinds of Music and playing with the audio equipment \" width=\"451\" height=\"300\" srcset=\"https:\/\/thevisualsoundmethod.com\/wp-content\/uploads\/2016\/02\/421728_10150497345911035_6481087_n.jpg 451w, https:\/\/thevisualsoundmethod.com\/wp-content\/uploads\/2016\/02\/421728_10150497345911035_6481087_n-300x200.jpg 300w\" sizes=\"auto, (max-width: 451px) 100vw, 451px\" \/><\/a><figcaption id=\"caption-attachment-88\" class=\"wp-caption-text\">Me pasaba horas escuch\u00e1ndo m\u00fasica de todos los tipos y jugando con los equipos de audio. <br \/>(no ser r\u00edan de los peluches&#8230;ayudar\u00eda si digo que los puso all\u00ed el fot\u00f3grafo?)<\/figcaption><\/figure>\n<p>&nbsp;<\/p>\n<p>&nbsp;<\/p>\n<p>&nbsp;<\/p>","protected":false},"excerpt":{"rendered":"<p>Desde que tengo recuerdos, siempre he estado metido en la m\u00fasica. A los siete a\u00f1os empec\u00e9 a asistir a un taller creativo bastante loco dirigido por\u00a0Renee Pietrafessa\u00a0en Montevideo,\u00a0donde el proyecto final fue\u00a0\u00abdibujar m\u00fasica\u00bb, y pasarle la partitura a otro para que la\u00a0tocara seg\u00fan la interpretaba&#8230;\u00a0en vivo en un teatro lleno de gente! Estudi\u00e9 flauta dulce\u00a0(Conservatorio &hellip; <a href=\"https:\/\/thevisualsoundmethod.com\/es\/about\/\" class=\"more-link\">Seguir leyendo <span class=\"screen-reader-text\">Sobre m\u00ed<\/span> <span class=\"meta-nav\">&rarr;<\/span><\/a><\/p>\n","protected":false},"author":1,"featured_media":0,"parent":0,"menu_order":0,"comment_status":"open","ping_status":"open","template":"","meta":{"footnotes":""},"class_list":["post-2","page","type-page","status-publish","hentry"],"yoast_head":"<!-- This site is optimized with the Yoast SEO plugin v26.5 - https:\/\/yoast.com\/wordpress\/plugins\/seo\/ -->\n<title>Sobre mi - The Visual Sound Method<\/title>\n<meta name=\"description\" content=\"Sobre mi, Sebastian Crispo m\u00fasico y creador del proyecto The Visual Sound Method\" \/>\n<meta name=\"robots\" content=\"index, follow, max-snippet:-1, max-image-preview:large, max-video-preview:-1\" \/>\n<link rel=\"canonical\" href=\"https:\/\/thevisualsoundmethod.com\/es\/about\/\" \/>\n<meta property=\"og:locale\" content=\"es_ES\" \/>\n<meta property=\"og:type\" content=\"article\" \/>\n<meta property=\"og:title\" content=\"Sobre mi - The Visual Sound Method\" \/>\n<meta property=\"og:description\" content=\"Sobre mi, Sebastian Crispo m\u00fasico y creador del proyecto The Visual Sound Method\" \/>\n<meta property=\"og:url\" content=\"https:\/\/thevisualsoundmethod.com\/es\/about\/\" \/>\n<meta property=\"og:site_name\" content=\"The Visual Sound Method\" \/>\n<meta property=\"article:modified_time\" content=\"2016-02-12T12:05:57+00:00\" \/>\n<meta property=\"og:image\" content=\"http:\/\/thevisualsoundmethod.com\/wp-content\/uploads\/2016\/02\/1394445_10151690014411035_1380920173_n.jpg\" \/>\n<meta name=\"twitter:card\" content=\"summary_large_image\" \/>\n<meta name=\"twitter:label1\" content=\"Tiempo de lectura\" \/>\n\t<meta name=\"twitter:data1\" content=\"2 minutos\" \/>\n<script type=\"application\/ld+json\" class=\"yoast-schema-graph\">{\"@context\":\"https:\/\/schema.org\",\"@graph\":[{\"@type\":\"WebPage\",\"@id\":\"https:\/\/thevisualsoundmethod.com\/es\/about\/\",\"url\":\"https:\/\/thevisualsoundmethod.com\/es\/about\/\",\"name\":\"Sobre mi - The Visual Sound Method\",\"isPartOf\":{\"@id\":\"\/es\/#website\"},\"primaryImageOfPage\":{\"@id\":\"https:\/\/thevisualsoundmethod.com\/es\/about\/#primaryimage\"},\"image\":{\"@id\":\"https:\/\/thevisualsoundmethod.com\/about\/#primaryimage\"},\"thumbnailUrl\":\"http:\/\/thevisualsoundmethod.com\/wp-content\/uploads\/2016\/02\/1394445_10151690014411035_1380920173_n.jpg\",\"datePublished\":\"2016-02-09T14:59:49+00:00\",\"dateModified\":\"2016-02-12T12:05:57+00:00\",\"description\":\"Sobre mi, Sebastian Crispo m\u00fasico y creador del proyecto The Visual Sound Method\",\"breadcrumb\":{\"@id\":\"https:\/\/thevisualsoundmethod.com\/es\/about\/#breadcrumb\"},\"inLanguage\":\"es\",\"potentialAction\":[{\"@type\":\"ReadAction\",\"target\":[[\"https:\/\/thevisualsoundmethod.com\/es\/about\/\"]]}]},{\"@type\":\"ImageObject\",\"inLanguage\":\"es\",\"@id\":\"https:\/\/thevisualsoundmethod.com\/es\/about\/#primaryimage\",\"url\":\"http:\/\/thevisualsoundmethod.com\/wp-content\/uploads\/2016\/02\/1394445_10151690014411035_1380920173_n.jpg\",\"contentUrl\":\"http:\/\/thevisualsoundmethod.com\/wp-content\/uploads\/2016\/02\/1394445_10151690014411035_1380920173_n.jpg\"},{\"@type\":\"BreadcrumbList\",\"@id\":\"https:\/\/thevisualsoundmethod.com\/es\/about\/#breadcrumb\",\"itemListElement\":[{\"@type\":\"ListItem\",\"position\":1,\"name\":\"Home\",\"item\":\"https:\/\/thevisualsoundmethod.com\/es\/\"},{\"@type\":\"ListItem\",\"position\":2,\"name\":\"About me\"}]},{\"@type\":\"WebSite\",\"@id\":\"\/es\/#website\",\"url\":\"\/es\/\",\"name\":\"The Visual Sound Method\",\"description\":\"Memoriza tu escalas de Saxo\",\"potentialAction\":[{\"@type\":\"SearchAction\",\"target\":{\"@type\":\"EntryPoint\",\"urlTemplate\":\"\/es\/?s={search_term_string}\"},\"query-input\":{\"@type\":\"PropertyValueSpecification\",\"valueRequired\":true,\"valueName\":\"search_term_string\"}}],\"inLanguage\":\"es\"}]}<\/script>\n<!-- \/ Yoast SEO plugin. -->","yoast_head_json":{"title":"Sobre mi - The Visual Sound Method","description":"Sobre mi, Sebastian Crispo m\u00fasico y creador del proyecto The Visual Sound Method","robots":{"index":"index","follow":"follow","max-snippet":"max-snippet:-1","max-image-preview":"max-image-preview:large","max-video-preview":"max-video-preview:-1"},"canonical":"https:\/\/thevisualsoundmethod.com\/es\/about\/","og_locale":"es_ES","og_type":"article","og_title":"Sobre mi - The Visual Sound Method","og_description":"Sobre mi, Sebastian Crispo m\u00fasico y creador del proyecto The Visual Sound Method","og_url":"https:\/\/thevisualsoundmethod.com\/es\/about\/","og_site_name":"The Visual Sound Method","article_modified_time":"2016-02-12T12:05:57+00:00","og_image":[{"url":"http:\/\/thevisualsoundmethod.com\/wp-content\/uploads\/2016\/02\/1394445_10151690014411035_1380920173_n.jpg","type":"","width":"","height":""}],"twitter_card":"summary_large_image","twitter_misc":{"Tiempo de lectura":"2 minutos"},"schema":{"@context":"https:\/\/schema.org","@graph":[{"@type":"WebPage","@id":"https:\/\/thevisualsoundmethod.com\/es\/about\/","url":"https:\/\/thevisualsoundmethod.com\/es\/about\/","name":"Sobre mi - The Visual Sound Method","isPartOf":{"@id":"\/es\/#website"},"primaryImageOfPage":{"@id":"https:\/\/thevisualsoundmethod.com\/es\/about\/#primaryimage"},"image":{"@id":"https:\/\/thevisualsoundmethod.com\/about\/#primaryimage"},"thumbnailUrl":"http:\/\/thevisualsoundmethod.com\/wp-content\/uploads\/2016\/02\/1394445_10151690014411035_1380920173_n.jpg","datePublished":"2016-02-09T14:59:49+00:00","dateModified":"2016-02-12T12:05:57+00:00","description":"Sobre mi, Sebastian Crispo m\u00fasico y creador del proyecto The Visual Sound Method","breadcrumb":{"@id":"https:\/\/thevisualsoundmethod.com\/es\/about\/#breadcrumb"},"inLanguage":"es","potentialAction":[{"@type":"ReadAction","target":[["https:\/\/thevisualsoundmethod.com\/es\/about\/"]]}]},{"@type":"ImageObject","inLanguage":"es","@id":"https:\/\/thevisualsoundmethod.com\/es\/about\/#primaryimage","url":"http:\/\/thevisualsoundmethod.com\/wp-content\/uploads\/2016\/02\/1394445_10151690014411035_1380920173_n.jpg","contentUrl":"http:\/\/thevisualsoundmethod.com\/wp-content\/uploads\/2016\/02\/1394445_10151690014411035_1380920173_n.jpg"},{"@type":"BreadcrumbList","@id":"https:\/\/thevisualsoundmethod.com\/es\/about\/#breadcrumb","itemListElement":[{"@type":"ListItem","position":1,"name":"Home","item":"https:\/\/thevisualsoundmethod.com\/es\/"},{"@type":"ListItem","position":2,"name":"About me"}]},{"@type":"WebSite","@id":"\/es\/#website","url":"\/es\/","name":"The Visual Sound Method","description":"Memoriza tu escalas de Saxo","potentialAction":[{"@type":"SearchAction","target":{"@type":"EntryPoint","urlTemplate":"\/es\/?s={search_term_string}"},"query-input":{"@type":"PropertyValueSpecification","valueRequired":true,"valueName":"search_term_string"}}],"inLanguage":"es"}]}},"_links":{"self":[{"href":"https:\/\/thevisualsoundmethod.com\/es\/wp-json\/wp\/v2\/pages\/2","targetHints":{"allow":["GET"]}}],"collection":[{"href":"https:\/\/thevisualsoundmethod.com\/es\/wp-json\/wp\/v2\/pages"}],"about":[{"href":"https:\/\/thevisualsoundmethod.com\/es\/wp-json\/wp\/v2\/types\/page"}],"author":[{"embeddable":true,"href":"https:\/\/thevisualsoundmethod.com\/es\/wp-json\/wp\/v2\/users\/1"}],"replies":[{"embeddable":true,"href":"https:\/\/thevisualsoundmethod.com\/es\/wp-json\/wp\/v2\/comments?post=2"}],"version-history":[{"count":22,"href":"https:\/\/thevisualsoundmethod.com\/es\/wp-json\/wp\/v2\/pages\/2\/revisions"}],"predecessor-version":[{"id":136,"href":"https:\/\/thevisualsoundmethod.com\/es\/wp-json\/wp\/v2\/pages\/2\/revisions\/136"}],"wp:attachment":[{"href":"https:\/\/thevisualsoundmethod.com\/es\/wp-json\/wp\/v2\/media?parent=2"}],"curies":[{"name":"wp","href":"https:\/\/api.w.org\/{rel}","templated":true}]}}